{"id":98,"date":"2016-05-20T14:12:15","date_gmt":"2016-05-20T14:12:15","guid":{"rendered":"http:\/\/www.can-borrell.com\/?page_id=98"},"modified":"2016-10-07T19:53:14","modified_gmt":"2016-10-07T19:53:14","slug":"excursion-a-la-font-de-lermeta-y-a-la-ermita-de-sant-vicenc-del-bosc-y-la-font-de-sant-vicenc","status":"publish","type":"page","link":"https:\/\/www.can-borrell.com\/es\/excursion-a-la-font-de-lermeta-y-a-la-ermita-de-sant-vicenc-del-bosc-y-la-font-de-sant-vicenc\/","title":{"rendered":"Excursi\u00f3n a la Font de l&#8217;Ermet\u00e0 y a la Ermita de Sant Vicen\u00e7 del Bosc y la Font de Sant Vicen\u00e7"},"content":{"rendered":"<h2 class=\"titol\"><img loading=\"lazy\" decoding=\"async\" class=\"txt-foto-isqui alignleft\" title=\"Foto cedida por el Consorci del Parc de Collserola\" src=\"\/wp-content\/uploads\/assets\/f_excursio_7.jpg\" width=\"160\" height=\"114\" \/><\/h2>\n<p>Desde el restaurante, tendremos que tomar el camino que queda detr\u00e1s de la casa, se\u00f1alizado por una banderola que indica &#8220;Sol i Aire&#8221;. Justo al inicio, sale un sendero a mano derecha, que encontrar\u00e9is marcado con pintura amarilla y blanca, ya que es un sendero catalogado como Peque\u00f1o Recurrido (PR C-38) por la Federaci\u00f3 d&#8217;Entitats Excursionistes de Catalunya.<\/p>\n<p>La primera parada estar\u00e1 en la <strong>Font de l&#8217;Ermet\u00e0<\/strong>, donde habremos llegado atravesando la carena. El lugar es especialmente bello, la grandiosidad de unas encinas centenarias, dan un ambiente de frescor ya que dejan pasar poca luz solar.<\/p>\n<p>Retomando el camino del P.R., seguimos hasta encontrar las ruinas de la <strong>Ermita de Sant Vicen\u00e7 del Bosc<\/strong>. Referenciada en el S. X, en concreto el a\u00f1o 955.<\/p>\n<p>El precepto del Rey Lotari confirmando todos los bienes del Monestir de Sant Cugat, el a\u00f1o 986, volv\u00eda a mencionar la ermita como pr\u00f3xima a la villa de Cercedol (peque\u00f1o n\u00facleo de poblaci\u00f3n de la regi\u00f3n en la \u00e9poca medieval). A mediados del siglo XI, la ermita ya se hab\u00eda constituido como parroquia. Durante los dos siglos siguientes fue perdiendo importancia. No es hasta 1347 que una donaci\u00f3n para restaurar el techo de la capilla, hace que alguien se cuide de ella regularmente. Pero hacia finales de siglo, la parroquia fue perdiendo estatus y qued\u00f3 incluida dentro de la de Sant Pere d&#8217;Octavi\u00e0. Algunas de las im\u00e1genes se conservaron en la rector\u00eda de Sant Cugat, otros est\u00e1n en el Museu Dioces\u00e0 de Barcelona.<\/p>\n<p><img decoding=\"async\" class=\"txt-foto-isqui\" title=\"Foto cedida pel Consorci del Parc de Collserola\" src=\"\/wp-content\/uploads\/assets\/f_excursio_7b.jpg\" alt=\"\" \/>\u00a0 \u00a0 \u00a0 \u00a0 \u00a0<img decoding=\"async\" class=\"txt-foto-dere\" title=\"Foto cedida pel Consorci del Parc de Collserola\" src=\"\/wp-content\/uploads\/assets\/f_excursio_7c.jpg\" alt=\"\" \/><\/p>\n<p>En el a\u00f1o 1981 se emprendi\u00f3 una campa\u00f1a de limpieza y recuperaci\u00f3n del entorno, se redescubrieron los restos de dos muros, la base semicircular del \u00e1bside y el suelo de la nave formado por grandes piedras de pizarra, tambi\u00e9n un fragmento de altar y un bloque de piedra oscura que podr\u00eda ser una pica circular. El Consorci del Parc de Collserola puso una placa explicativa que encontrar\u00e9is al lado de las ruinas.<\/p>\n<p><img decoding=\"async\" class=\"txt-foto-dere alignright\" title=\"Foto cedida pel Consorci del Parc de Collserola\" src=\"http:\/\/www.can-borrell.com\/img\/f_excursio_7d.jpg\" alt=\"\" \/><\/p>\n<p>La <strong>Font de Sant Vicen\u00e7<\/strong> se encuentra en el mismo valle de Can Gordi, muy cerca de la ermita. No encontrar\u00e9is indicaciones de banderola desde el punto donde llegar\u00e9is, pero no es dif\u00edcil de encontrar ya que est\u00e1 a unos escasos 50 metros de la ermita.<\/p>\n<div id=\"ressenya\" class=\"ta-right\"><b class=\"ressenya-durada\">Duraci\u00f3n:<\/b> 50 minutos (ida)<br \/>\n<b class=\"ressenya-distancia\">Distancia:<\/b> 2 Km<br \/>\n<b class=\"ressenya-dificultat\">Dificultad:<\/b> media-alta. Sendero estrecho con desniveles<br \/>\n<a class=\"dins btn btn-success\" href=\"\/view-document\/?doc=google.com\/maps\/d\/embed?mid=120fX_RRJUcFgpAMoJP2MogGmwoI\" > Ver mapa<\/a><\/div>\n","protected":false},"excerpt":{"rendered":"<p>Desde el restaurante, tendremos que tomar el camino que queda detr\u00e1s de la casa, se\u00f1alizado por una banderola que indica &#8220;Sol i Aire&#8221;. Justo al inicio, sale un sendero a mano derecha, que encontrar\u00e9is marcado con pintura amarilla y blanca, ya que es un sendero catalogado como Peque\u00f1o Recurrido (PR C-38) por la Federaci\u00f3 d&#8217;Entitats [&hellip;]<\/p>\n","protected":false},"author":1,"featured_media":0,"parent":0,"menu_order":0,"comment_status":"closed","ping_status":"closed","template":"page_excursions_template.php","meta":{"footnotes":""},"yoast_head":"<!-- This site is optimized with the Yoast SEO plugin v22.8 - https:\/\/yoast.com\/wordpress\/plugins\/seo\/ -->\n<title>Excursi\u00f3n a la Font de l&#039;Ermet\u00e0 y a la Ermita de Sant Vicen\u00e7 del Bosc y la Font de Sant Vicen\u00e7 - Restaurant Can Borrell<\/title>\n<meta name=\"robots\" content=\"index, follow, max-snippet:-1, max-image-preview:large, max-video-preview:-1\" \/>\n<link rel=\"canonical\" href=\"https:\/\/www.can-borrell.com\/es\/excursion-a-la-font-de-lermeta-y-a-la-ermita-de-sant-vicenc-del-bosc-y-la-font-de-sant-vicenc\/\" \/>\n<meta property=\"og:locale\" content=\"es_ES\" \/>\n<meta property=\"og:type\" content=\"article\" \/>\n<meta property=\"og:title\" content=\"Excursi\u00f3n a la Font de l&#039;Ermet\u00e0 y a la Ermita de Sant Vicen\u00e7 del Bosc y la Font de Sant Vicen\u00e7 - Restaurant Can Borrell\" \/>\n<meta property=\"og:description\" content=\"Desde el restaurante, tendremos que tomar el camino que queda detr\u00e1s de la casa, se\u00f1alizado por una banderola que indica &#8220;Sol i Aire&#8221;. Justo al inicio, sale un sendero a mano derecha, que encontrar\u00e9is marcado con pintura amarilla y blanca, ya que es un sendero catalogado como Peque\u00f1o Recurrido (PR C-38) por la Federaci\u00f3 d&#8217;Entitats [&hellip;]\" \/>\n<meta property=\"og:url\" content=\"https:\/\/www.can-borrell.com\/es\/excursion-a-la-font-de-lermeta-y-a-la-ermita-de-sant-vicenc-del-bosc-y-la-font-de-sant-vicenc\/\" \/>\n<meta property=\"og:site_name\" content=\"Restaurant Can Borrell\" \/>\n<meta property=\"article:modified_time\" content=\"2016-10-07T19:53:14+00:00\" \/>\n<meta property=\"og:image\" content=\"http:\/\/www.can-borrell.com\/img\/f_excursio_7d.jpg\" \/>\n<meta name=\"twitter:card\" content=\"summary_large_image\" \/>\n<meta name=\"twitter:label1\" content=\"Est. reading time\" \/>\n\t<meta name=\"twitter:data1\" content=\"2 minutes\" \/>\n<script type=\"application\/ld+json\" class=\"yoast-schema-graph\">{\"@context\":\"https:\/\/schema.org\",\"@graph\":[{\"@type\":\"WebPage\",\"@id\":\"https:\/\/www.can-borrell.com\/es\/excursion-a-la-font-de-lermeta-y-a-la-ermita-de-sant-vicenc-del-bosc-y-la-font-de-sant-vicenc\/\",\"url\":\"https:\/\/www.can-borrell.com\/es\/excursion-a-la-font-de-lermeta-y-a-la-ermita-de-sant-vicenc-del-bosc-y-la-font-de-sant-vicenc\/\",\"name\":\"Excursi\u00f3n a la Font de l'Ermet\u00e0 y a la Ermita de Sant Vicen\u00e7 del Bosc y la Font de Sant Vicen\u00e7 - Restaurant Can Borrell\",\"isPartOf\":{\"@id\":\"https:\/\/www.can-borrell.com\/#website\"},\"primaryImageOfPage\":{\"@id\":\"https:\/\/www.can-borrell.com\/es\/excursion-a-la-font-de-lermeta-y-a-la-ermita-de-sant-vicenc-del-bosc-y-la-font-de-sant-vicenc\/#primaryimage\"},\"image\":{\"@id\":\"https:\/\/www.can-borrell.com\/es\/excursion-a-la-font-de-lermeta-y-a-la-ermita-de-sant-vicenc-del-bosc-y-la-font-de-sant-vicenc\/#primaryimage\"},\"thumbnailUrl\":\"http:\/\/www.can-borrell.com\/img\/f_excursio_7d.jpg\",\"datePublished\":\"2016-05-20T14:12:15+00:00\",\"dateModified\":\"2016-10-07T19:53:14+00:00\",\"breadcrumb\":{\"@id\":\"https:\/\/www.can-borrell.com\/es\/excursion-a-la-font-de-lermeta-y-a-la-ermita-de-sant-vicenc-del-bosc-y-la-font-de-sant-vicenc\/#breadcrumb\"},\"inLanguage\":\"es-ES\",\"potentialAction\":[{\"@type\":\"ReadAction\",\"target\":[\"https:\/\/www.can-borrell.com\/es\/excursion-a-la-font-de-lermeta-y-a-la-ermita-de-sant-vicenc-del-bosc-y-la-font-de-sant-vicenc\/\"]}]},{\"@type\":\"ImageObject\",\"inLanguage\":\"es-ES\",\"@id\":\"https:\/\/www.can-borrell.com\/es\/excursion-a-la-font-de-lermeta-y-a-la-ermita-de-sant-vicenc-del-bosc-y-la-font-de-sant-vicenc\/#primaryimage\",\"url\":\"http:\/\/www.can-borrell.com\/img\/f_excursio_7d.jpg\",\"contentUrl\":\"http:\/\/www.can-borrell.com\/img\/f_excursio_7d.jpg\"},{\"@type\":\"BreadcrumbList\",\"@id\":\"https:\/\/www.can-borrell.com\/es\/excursion-a-la-font-de-lermeta-y-a-la-ermita-de-sant-vicenc-del-bosc-y-la-font-de-sant-vicenc\/#breadcrumb\",\"itemListElement\":[{\"@type\":\"ListItem\",\"position\":1,\"name\":\"Home\",\"item\":\"https:\/\/www.can-borrell.com\/\"},{\"@type\":\"ListItem\",\"position\":2,\"name\":\"Excursi\u00f3n a la Font de l&#8217;Ermet\u00e0 y a la Ermita de Sant Vicen\u00e7 del Bosc y la Font de Sant Vicen\u00e7\"}]},{\"@type\":\"WebSite\",\"@id\":\"https:\/\/www.can-borrell.com\/#website\",\"url\":\"https:\/\/www.can-borrell.com\/\",\"name\":\"Restaurant Can Borrell\",\"description\":\"Traditional catalan and mediterranean cuisine\",\"potentialAction\":[{\"@type\":\"SearchAction\",\"target\":{\"@type\":\"EntryPoint\",\"urlTemplate\":\"https:\/\/www.can-borrell.com\/?s={search_term_string}\"},\"query-input\":\"required name=search_term_string\"}],\"inLanguage\":\"es-ES\"}]}<\/script>\n<!-- \/ Yoast SEO plugin. -->","yoast_head_json":{"title":"Excursi\u00f3n a la Font de l'Ermet\u00e0 y a la Ermita de Sant Vicen\u00e7 del Bosc y la Font de Sant Vicen\u00e7 - Restaurant Can Borrell","robots":{"index":"index","follow":"follow","max-snippet":"max-snippet:-1","max-image-preview":"max-image-preview:large","max-video-preview":"max-video-preview:-1"},"canonical":"https:\/\/www.can-borrell.com\/es\/excursion-a-la-font-de-lermeta-y-a-la-ermita-de-sant-vicenc-del-bosc-y-la-font-de-sant-vicenc\/","og_locale":"es_ES","og_type":"article","og_title":"Excursi\u00f3n a la Font de l'Ermet\u00e0 y a la Ermita de Sant Vicen\u00e7 del Bosc y la Font de Sant Vicen\u00e7 - Restaurant Can Borrell","og_description":"Desde el restaurante, tendremos que tomar el camino que queda detr\u00e1s de la casa, se\u00f1alizado por una banderola que indica &#8220;Sol i Aire&#8221;. Justo al inicio, sale un sendero a mano derecha, que encontrar\u00e9is marcado con pintura amarilla y blanca, ya que es un sendero catalogado como Peque\u00f1o Recurrido (PR C-38) por la Federaci\u00f3 d&#8217;Entitats [&hellip;]","og_url":"https:\/\/www.can-borrell.com\/es\/excursion-a-la-font-de-lermeta-y-a-la-ermita-de-sant-vicenc-del-bosc-y-la-font-de-sant-vicenc\/","og_site_name":"Restaurant Can Borrell","article_modified_time":"2016-10-07T19:53:14+00:00","og_image":[{"url":"http:\/\/www.can-borrell.com\/img\/f_excursio_7d.jpg"}],"twitter_card":"summary_large_image","twitter_misc":{"Est. reading time":"2 minutes"},"schema":{"@context":"https:\/\/schema.org","@graph":[{"@type":"WebPage","@id":"https:\/\/www.can-borrell.com\/es\/excursion-a-la-font-de-lermeta-y-a-la-ermita-de-sant-vicenc-del-bosc-y-la-font-de-sant-vicenc\/","url":"https:\/\/www.can-borrell.com\/es\/excursion-a-la-font-de-lermeta-y-a-la-ermita-de-sant-vicenc-del-bosc-y-la-font-de-sant-vicenc\/","name":"Excursi\u00f3n a la Font de l'Ermet\u00e0 y a la Ermita de Sant Vicen\u00e7 del Bosc y la Font de Sant Vicen\u00e7 - Restaurant Can Borrell","isPartOf":{"@id":"https:\/\/www.can-borrell.com\/#website"},"primaryImageOfPage":{"@id":"https:\/\/www.can-borrell.com\/es\/excursion-a-la-font-de-lermeta-y-a-la-ermita-de-sant-vicenc-del-bosc-y-la-font-de-sant-vicenc\/#primaryimage"},"image":{"@id":"https:\/\/www.can-borrell.com\/es\/excursion-a-la-font-de-lermeta-y-a-la-ermita-de-sant-vicenc-del-bosc-y-la-font-de-sant-vicenc\/#primaryimage"},"thumbnailUrl":"http:\/\/www.can-borrell.com\/img\/f_excursio_7d.jpg","datePublished":"2016-05-20T14:12:15+00:00","dateModified":"2016-10-07T19:53:14+00:00","breadcrumb":{"@id":"https:\/\/www.can-borrell.com\/es\/excursion-a-la-font-de-lermeta-y-a-la-ermita-de-sant-vicenc-del-bosc-y-la-font-de-sant-vicenc\/#breadcrumb"},"inLanguage":"es-ES","potentialAction":[{"@type":"ReadAction","target":["https:\/\/www.can-borrell.com\/es\/excursion-a-la-font-de-lermeta-y-a-la-ermita-de-sant-vicenc-del-bosc-y-la-font-de-sant-vicenc\/"]}]},{"@type":"ImageObject","inLanguage":"es-ES","@id":"https:\/\/www.can-borrell.com\/es\/excursion-a-la-font-de-lermeta-y-a-la-ermita-de-sant-vicenc-del-bosc-y-la-font-de-sant-vicenc\/#primaryimage","url":"http:\/\/www.can-borrell.com\/img\/f_excursio_7d.jpg","contentUrl":"http:\/\/www.can-borrell.com\/img\/f_excursio_7d.jpg"},{"@type":"BreadcrumbList","@id":"https:\/\/www.can-borrell.com\/es\/excursion-a-la-font-de-lermeta-y-a-la-ermita-de-sant-vicenc-del-bosc-y-la-font-de-sant-vicenc\/#breadcrumb","itemListElement":[{"@type":"ListItem","position":1,"name":"Home","item":"https:\/\/www.can-borrell.com\/"},{"@type":"ListItem","position":2,"name":"Excursi\u00f3n a la Font de l&#8217;Ermet\u00e0 y a la Ermita de Sant Vicen\u00e7 del Bosc y la Font de Sant Vicen\u00e7"}]},{"@type":"WebSite","@id":"https:\/\/www.can-borrell.com\/#website","url":"https:\/\/www.can-borrell.com\/","name":"Restaurant Can Borrell","description":"Traditional catalan and mediterranean cuisine","potentialAction":[{"@type":"SearchAction","target":{"@type":"EntryPoint","urlTemplate":"https:\/\/www.can-borrell.com\/?s={search_term_string}"},"query-input":"required name=search_term_string"}],"inLanguage":"es-ES"}]}},"_links":{"self":[{"href":"https:\/\/www.can-borrell.com\/es\/wp-json\/wp\/v2\/pages\/98"}],"collection":[{"href":"https:\/\/www.can-borrell.com\/es\/wp-json\/wp\/v2\/pages"}],"about":[{"href":"https:\/\/www.can-borrell.com\/es\/wp-json\/wp\/v2\/types\/page"}],"author":[{"embeddable":true,"href":"https:\/\/www.can-borrell.com\/es\/wp-json\/wp\/v2\/users\/1"}],"replies":[{"embeddable":true,"href":"https:\/\/www.can-borrell.com\/es\/wp-json\/wp\/v2\/comments?post=98"}],"version-history":[{"count":8,"href":"https:\/\/www.can-borrell.com\/es\/wp-json\/wp\/v2\/pages\/98\/revisions"}],"predecessor-version":[{"id":1126,"href":"https:\/\/www.can-borrell.com\/es\/wp-json\/wp\/v2\/pages\/98\/revisions\/1126"}],"wp:attachment":[{"href":"https:\/\/www.can-borrell.com\/es\/wp-json\/wp\/v2\/media?parent=98"}],"curies":[{"name":"wp","href":"https:\/\/api.w.org\/{rel}","templated":true}]}}